{"id":66,"date":"2017-09-16T09:34:59","date_gmt":"2017-09-16T07:34:59","guid":{"rendered":"http:\/\/biob.thgr.ch\/?page_id=66"},"modified":"2024-09-20T10:24:54","modified_gmt":"2024-09-20T08:24:54","slug":"projekte","status":"publish","type":"page","link":"https:\/\/www.bibliothek-obersaxen.ch\/?page_id=66","title":{"rendered":"Kampagnen"},"content":{"rendered":"<h4>Obersaxen liest<\/h4>\n<p>&#8218;Obersaxen liest&#8216; ist nach einer Tagung in Zernez entstanden. Damals hat eine Gastreferentin vom Voralberg von einem solchen Projekt berichtet. Auf dem Heimweg, gemeinsam mit den Bibliothekarinnen aus Trun und Flims, haben die Frauen aus Obersaxen den Entschluss gefasst, ebenfalls eine solche Kampagne zu starten.<\/p>\n<p>Bea Alig und Edith Mirer, die \u00fcbrigens 20 Jahre die Bibliothek leiteten, haben dieses Projekt f\u00fcr &#8218;ihre&#8216; Bibliothek realisiert. Ihre gr\u00f6sste Motivation war in der Gemeinde pr\u00e4senter zu werden. Mit Unterst\u00fctzung vom damaligen Verkehrsverein, der f\u00fcr den Druck aufkam, haben sie f\u00fcr ein ganzes Jahr, jeden Monat ein neues Bibliotheks-Plakat kreiert.<\/p>\n<p>Gemeinsam waren sie auf der Jagd nach passenden Motiven, die im Zusammenhang mit der Bibliothek und der Leserschaft standen. Es kam zu vielen tollen Begegnungen und lustigen Momenten. Die Frauen fragten die Leute an, ob sie ein Foto knipsen d\u00fcrfen. Ob in der Schule, bei der Arbeit oder sogar bei Prominenten, allen haben sie ein Buch in die Hand gedr\u00fcckt. Begeistert wurde mitgemacht und jeder war gespannt auf das n\u00e4chste Plakat.<\/p>\n<p>Daraus entstand eine tolle Plakatserie. Immer wieder nutzen wir die Foto-Motive f\u00fcr neue Plakate und Flyer zu aktuellen Anl\u00e4ssen.<\/p>\n<h4>&#8230;Wer lasa tuat, waiss mee&#8230;<\/h4>\n<p style=\"text-align: left;\">&#8218;Pr\u00e4sent sein, als Bibliothek, ist der Schl\u00fcssel zu mehr Ausleihzahlen!&#8216;, das hat uns ein Referent an einer Fortbildung im Fr\u00fchjahr 2016 gesagt. Daraufhin haben wir uns entschlossen aktiv zu werden und eine neue Plakatreihe zu starten.<\/p>\n<p style=\"text-align: left;\">Bei unserem allj\u00e4hrlichen Nachtessen ist unser neues Motto geboren. Gutes Essen inspiriert! Allt\u00e4gliches, was um uns und in der Bibliothek geschieht, bringen wir auf Papier. Mit Fotos und lustigen Dialekt-Spr\u00fcchen probieren wir mit etwas Charm das Interessen der Leserschaft zu wecken! Wir hoffen doch sehr, dass dies gelingt.<\/p>\n<p>Auf interessante Begegnungen freut sich das Bibliotheksteam!<\/p>\n","protected":false},"excerpt":{"rendered":"<p>Obersaxen liest &#8218;Obersaxen liest&#8216; ist nach einer Tagung in Zernez entstanden. Damals hat eine Gastreferentin vom Voralberg von einem solchen Projekt berichtet. Auf dem Heimweg, gemeinsam mit den Bibliothekarinnen aus Trun und Flims, haben die Frauen aus Obersaxen den Entschluss gefasst, ebenfalls eine solche Kampagne zu starten. Bea Alig und Edith Mirer, die \u00fcbrigens 20 [&hellip;]<\/p>\n","protected":false},"author":2,"featured_media":0,"parent":0,"menu_order":4,"comment_status":"closed","ping_status":"closed","template":"","meta":{"footnotes":""},"class_list":["post-66","page","type-page","status-publish","hentry"],"_links":{"self":[{"href":"https:\/\/www.bibliothek-obersaxen.ch\/index.php?rest_route=\/wp\/v2\/pages\/66","targetHints":{"allow":["GET"]}}],"collection":[{"href":"https:\/\/www.bibliothek-obersaxen.ch\/index.php?rest_route=\/wp\/v2\/pages"}],"about":[{"href":"https:\/\/www.bibliothek-obersaxen.ch\/index.php?rest_route=\/wp\/v2\/types\/page"}],"author":[{"embeddable":true,"href":"https:\/\/www.bibliothek-obersaxen.ch\/index.php?rest_route=\/wp\/v2\/users\/2"}],"replies":[{"embeddable":true,"href":"https:\/\/www.bibliothek-obersaxen.ch\/index.php?rest_route=%2Fwp%2Fv2%2Fcomments&post=66"}],"version-history":[{"count":49,"href":"https:\/\/www.bibliothek-obersaxen.ch\/index.php?rest_route=\/wp\/v2\/pages\/66\/revisions"}],"predecessor-version":[{"id":1633,"href":"https:\/\/www.bibliothek-obersaxen.ch\/index.php?rest_route=\/wp\/v2\/pages\/66\/revisions\/1633"}],"wp:attachment":[{"href":"https:\/\/www.bibliothek-obersaxen.ch\/index.php?rest_route=%2Fwp%2Fv2%2Fmedia&parent=66"}],"curies":[{"name":"wp","href":"https:\/\/api.w.org\/{rel}","templated":true}]}}